{"id":2,"date":"2025-06-24T14:20:33","date_gmt":"2025-06-24T14:20:33","guid":{"rendered":"https:\/\/carepath-ihi.eu\/?page_id=2"},"modified":"2026-01-20T21:42:50","modified_gmt":"2026-01-20T20:42:50","slug":"home","status":"publish","type":"page","link":"https:\/\/carepath-ihi.eu\/de\/","title":{"rendered":"Home"},"content":{"rendered":"<p>[et_pb_section fb_built=&#8221;1&#8243; module_class=&#8221;anchor-bottom-section&#8221; _builder_version=&#8221;4.27.4&#8243; _module_preset=&#8221;default&#8221; background_image=&#8221;https:\/\/carepath-ihi.eu\/wp-content\/uploads\/2025\/07\/Switzerland-Group-Friends.jpg&#8221; background_position=&#8221;top_center&#8221; custom_padding=&#8221;1em||1em||true|false&#8221; global_colors_info=&#8221;{}&#8221;][et_pb_row _builder_version=&#8221;4.27.4&#8243; _module_preset=&#8221;default&#8221; global_colors_info=&#8221;{}&#8221;][et_pb_column type=&#8221;4_4&#8243; _builder_version=&#8221;4.27.4&#8243; _module_preset=&#8221;default&#8221; global_colors_info=&#8221;{}&#8221;][et_pb_text _builder_version=&#8221;4.27.4&#8243; _module_preset=&#8221;default&#8221; custom_padding=&#8221;||22em||false|false&#8221; global_colors_info=&#8221;{}&#8221;]<\/p>\n<h1 class=\"highlighted-heading\"><span>Empowering integrated care for<\/span><br \/><span>Europe&#8217;s most vulnerable<\/span><\/h1>\n<p>[\/et_pb_text][\/et_pb_column][\/et_pb_row][et_pb_row _builder_version=&#8221;4.27.4&#8243; _module_preset=&#8221;default&#8221; global_colors_info=&#8221;{}&#8221;][et_pb_column type=&#8221;4_4&#8243; _builder_version=&#8221;4.27.4&#8243; _module_preset=&#8221;default&#8221; global_colors_info=&#8221;{}&#8221;][et_pb_button button_url=&#8221;@ET-DC@eyJkeW5hbWljIjp0cnVlLCJjb250ZW50IjoicG9zdF9saW5rX3VybF9wYWdlIiwic2V0dGluZ3MiOnsicG9zdF9pZCI6IjkwIn19@&#8221; button_text=&#8221;Learn more&#8221; button_alignment=&#8221;center&#8221; _builder_version=&#8221;4.27.4&#8243; _dynamic_attributes=&#8221;button_url&#8221; _module_preset=&#8221;default&#8221; custom_button=&#8221;on&#8221; button_text_size=&#8221;18px&#8221; button_text_color=&#8221;#FFFFFF&#8221; button_border_color=&#8221;#FFFFFF&#8221; button_border_radius=&#8221;50px&#8221; button_use_icon=&#8221;off&#8221; global_colors_info=&#8221;{}&#8221; button_border_width__hover_enabled=&#8221;on|hover&#8221; button_border_width__hover=&#8221;2px&#8221;][\/et_pb_button][\/et_pb_column][\/et_pb_row][\/et_pb_section][et_pb_section fb_built=&#8221;1&#8243; _builder_version=&#8221;4.27.4&#8243; _module_preset=&#8221;default&#8221; global_colors_info=&#8221;{}&#8221;][et_pb_row column_structure=&#8221;1_2,1_2&#8243; make_equal=&#8221;on&#8221; _builder_version=&#8221;4.27.4&#8243; _module_preset=&#8221;default&#8221; global_colors_info=&#8221;{}&#8221;][et_pb_column type=&#8221;1_2&#8243; _builder_version=&#8221;4.27.4&#8243; _module_preset=&#8221;default&#8221; global_colors_info=&#8221;{}&#8221;][et_pb_video src=&#8221;https:\/\/www.youtube.com\/watch?v=uU_jt6EMRP8&#8243; _builder_version=&#8221;4.27.4&#8243; _module_preset=&#8221;default&#8221; global_colors_info=&#8221;{}&#8221;][\/et_pb_video][\/et_pb_column][et_pb_column type=&#8221;1_2&#8243; _builder_version=&#8221;4.27.4&#8243; _module_preset=&#8221;default&#8221; global_colors_info=&#8221;{}&#8221;][et_pb_heading title=&#8221;Hear from our team and partners about why CarePath matters&#8221; _builder_version=&#8221;4.27.4&#8243; _module_preset=&#8221;default&#8221; title_level=&#8221;h2&#8243; title_text_color=&#8221;#074747&#8243; title_font_size=&#8221;2.19em&#8221; title_line_height=&#8221;1.4em&#8221; global_colors_info=&#8221;{}&#8221;][\/et_pb_heading][et_pb_text _builder_version=&#8221;4.27.4&#8243; _module_preset=&#8221;default&#8221; text_font_size=&#8221;1.38em&#8221; text_line_height=&#8221;1.4em&#8221; global_colors_info=&#8221;{}&#8221;]<\/p>\n<p>CarePath is a European collaboration dedicated to improving the lives of citizens with complex care needs. By integrating pathways, connecting data, and empowering patients, we\u2019re building a future where care is personalised, efficient, and equitable.<\/p>\n<p>[\/et_pb_text][et_pb_button button_url=&#8221;https:\/\/carepath-ihi.eu\/wp-content\/uploads\/2025\/10\/CarePath-Press-Release-20-06-2025.docx.pdf&#8221; url_new_window=&#8221;on&#8221; button_text=&#8221;Press Release (PDF)&#8221; _builder_version=&#8221;4.27.4&#8243; _module_preset=&#8221;default&#8221; custom_button=&#8221;on&#8221; button_text_color=&#8221;#FFFFFF&#8221; button_bg_color=&#8221;#EE634B&#8221; button_border_color=&#8221;#EE634B&#8221; button_use_icon=&#8221;off&#8221; global_colors_info=&#8221;{}&#8221;][\/et_pb_button][\/et_pb_column][\/et_pb_row][\/et_pb_section][et_pb_section fb_built=&#8221;1&#8243; _builder_version=&#8221;4.27.4&#8243; _module_preset=&#8221;default&#8221; background_color=&#8221;#EDE6D8&#8243; global_colors_info=&#8221;{}&#8221;][et_pb_row _builder_version=&#8221;4.27.4&#8243; _module_preset=&#8221;default&#8221; global_colors_info=&#8221;{}&#8221;][et_pb_column type=&#8221;4_4&#8243; _builder_version=&#8221;4.27.4&#8243; _module_preset=&#8221;default&#8221; global_colors_info=&#8221;{}&#8221;][et_pb_heading title=&#8221;CarePath is People First&#8221; _builder_version=&#8221;4.27.4&#8243; _module_preset=&#8221;default&#8221; title_level=&#8221;h2&#8243; title_text_align=&#8221;center&#8221; title_text_color=&#8221;#074747&#8243; title_font_size=&#8221;2.19em&#8221; title_line_height=&#8221;1.4em&#8221; global_colors_info=&#8221;{}&#8221;][\/et_pb_heading][et_pb_text _builder_version=&#8221;4.27.4&#8243; _module_preset=&#8221;default&#8221; text_font_size=&#8221;1.38em&#8221; text_line_height=&#8221;1.4em&#8221; text_orientation=&#8221;center&#8221; global_colors_info=&#8221;{}&#8221;]<\/p>\n<p>Person-first language is the standard for respectfully addressing individuals with chronic conditions and diseases.\u00a0 <a href=\"\/people-first\/\">Find out more<\/a>.<\/p>\n<p>[\/et_pb_text][\/et_pb_column][\/et_pb_row][et_pb_row column_structure=&#8221;1_4,1_4,1_4,1_4&#8243; _builder_version=&#8221;4.27.4&#8243; _module_preset=&#8221;default&#8221; global_colors_info=&#8221;{}&#8221;][et_pb_column type=&#8221;1_4&#8243; _builder_version=&#8221;4.27.4&#8243; _module_preset=&#8221;default&#8221; global_colors_info=&#8221;{}&#8221;][et_pb_blurb title=&#8221;6 Countries&#8221; image=&#8221;https:\/\/carepath-ihi.eu\/wp-content\/uploads\/2025\/07\/icon_pin.svg&#8221; alt=&#8221;A white map location pin icon is centered on a solid orange circle background.&#8221; _builder_version=&#8221;4.27.4&#8243; _module_preset=&#8221;default&#8221; header_level=&#8221;h3&#8243; header_text_align=&#8221;center&#8221; header_font_size=&#8221;1.8em&#8221; body_text_align=&#8221;center&#8221; body_font_size=&#8221;1.2em&#8221; body_line_height=&#8221;1.4em&#8221; global_colors_info=&#8221;{}&#8221;]<\/p>\n<p>implementing pilots across Europe<\/p>\n<p>[\/et_pb_blurb][\/et_pb_column][et_pb_column type=&#8221;1_4&#8243; _builder_version=&#8221;4.27.4&#8243; _module_preset=&#8221;default&#8221; global_colors_info=&#8221;{}&#8221;][et_pb_blurb title=&#8221;41 Partners&#8221; image=&#8221;https:\/\/carepath-ihi.eu\/wp-content\/uploads\/2025\/07\/icon_handshake.svg&#8221; alt=&#8221;White outline of two hands shaking in a handshake, centered on an orange circular background.&#8221; _builder_version=&#8221;4.27.4&#8243; _module_preset=&#8221;default&#8221; header_level=&#8221;h3&#8243; header_text_align=&#8221;center&#8221; header_font_size=&#8221;1.8em&#8221; body_text_align=&#8221;center&#8221; body_font_size=&#8221;1.2em&#8221; body_line_height=&#8221;1.4em&#8221; global_colors_info=&#8221;{}&#8221;]<\/p>\n<p>working together across sectors<\/p>\n<p>[\/et_pb_blurb][\/et_pb_column][et_pb_column type=&#8221;1_4&#8243; _builder_version=&#8221;4.27.4&#8243; _module_preset=&#8221;default&#8221; global_colors_info=&#8221;{}&#8221;][et_pb_blurb title=&#8221;5 Years&#8221; image=&#8221;https:\/\/carepath-ihi.eu\/wp-content\/uploads\/2025\/07\/icon_clock.svg&#8221; alt=&#8221;A simple clock icon with a white outline on a red circular background, showing the time at 3 o&#8217;clock.&#8221; _builder_version=&#8221;4.27.4&#8243; _module_preset=&#8221;default&#8221; header_level=&#8221;h3&#8243; header_text_align=&#8221;center&#8221; header_font_size=&#8221;1.8em&#8221; body_text_align=&#8221;center&#8221; body_font_size=&#8221;1.2em&#8221; body_line_height=&#8221;1.4em&#8221; global_colors_info=&#8221;{}&#8221;]<\/p>\n<p><span data-metadata=\"&lt;!--(figmeta)eyJmaWxlS2V5IjoiVVlPUnVCQ0E1YzVmVXBNNmlKYkVCcSIsInBhc3RlSUQiOjQ1ODE3NzMwNSwiZGF0YVR5cGUiOiJzY2VuZSJ9Cg==(\/figmeta)--&gt;\"><\/span>of collaboration\u2028(2025\u20132030)<\/p>\n<p>[\/et_pb_blurb][\/et_pb_column][et_pb_column type=&#8221;1_4&#8243; _builder_version=&#8221;4.27.4&#8243; _module_preset=&#8221;default&#8221; global_colors_info=&#8221;{}&#8221;][et_pb_blurb title=&#8221;\u20ac20M+&#8221; image=&#8221;https:\/\/carepath-ihi.eu\/wp-content\/uploads\/2025\/07\/icon_euro.svg&#8221; alt=&#8221;A white euro currency symbol centered on a solid orange-red circle background.&#8221; _builder_version=&#8221;4.27.4&#8243; _module_preset=&#8221;default&#8221; header_level=&#8221;h3&#8243; header_text_align=&#8221;center&#8221; header_font_size=&#8221;1.8em&#8221; body_text_align=&#8221;center&#8221; body_font_size=&#8221;1.2em&#8221; body_line_height=&#8221;1.4em&#8221; global_colors_info=&#8221;{}&#8221;]<\/p>\n<p>\u00a0in funding from IHI JU and Horizon Europe<\/p>\n<p>[\/et_pb_blurb][\/et_pb_column][\/et_pb_row][\/et_pb_section][et_pb_section fb_built=&#8221;1&#8243; custom_padding_last_edited=&#8221;on|tablet&#8221; _builder_version=&#8221;4.27.4&#8243; _module_preset=&#8221;default&#8221; background_color=&#8221;RGBA(255,255,255,0)&#8221; use_background_color_gradient=&#8221;on&#8221; background_color_gradient_stops=&#8221;#b9e5fb 50%|#074747 50%&#8221; background_image=&#8221;https:\/\/carepath-ihi.eu\/wp-content\/uploads\/2025\/07\/orange_bg.png&#8221; background_size=&#8221;initial&#8221; background_position=&#8221;center_left&#8221; custom_margin_tablet=&#8221;&#8221; custom_margin_phone=&#8221;&#8221; custom_margin_last_edited=&#8221;on|tablet&#8221; custom_padding=&#8221;0px||0px||true|false&#8221; custom_padding_tablet=&#8221;0px||0px||true|false&#8221; custom_padding_phone=&#8221;0px||0px||true|false&#8221; background_last_edited=&#8221;on|tablet&#8221; background_enable_color_tablet=&#8221;off&#8221; use_background_color_gradient_tablet=&#8221;off&#8221; background_enable_image_tablet=&#8221;off&#8221; global_colors_info=&#8221;{}&#8221;][et_pb_row column_structure=&#8221;1_3,1_3,1_3&#8243; use_custom_gutter=&#8221;on&#8221; gutter_width=&#8221;1&#8243; make_equal=&#8221;on&#8221; custom_padding_last_edited=&#8221;on|tablet&#8221; _builder_version=&#8221;4.27.4&#8243; _module_preset=&#8221;default&#8221; width_tablet=&#8221;100%&#8221; width_phone=&#8221;100%&#8221; width_last_edited=&#8221;on|tablet&#8221; custom_margin=&#8221;0px||0px||true|false&#8221; custom_margin_tablet=&#8221;0px||0px||true|false&#8221; custom_margin_phone=&#8221;0px||0px||true|false&#8221; custom_margin_last_edited=&#8221;on|tablet&#8221; custom_padding=&#8221;0px||0px||true|false&#8221; custom_padding_tablet=&#8221;0px||0px||true|false&#8221; custom_padding_phone=&#8221;0px||0px||true|false&#8221; global_colors_info=&#8221;{}&#8221;][et_pb_column type=&#8221;1_3&#8243; disabled_on=&#8221;on|on|off&#8221; _builder_version=&#8221;4.27.4&#8243; _dynamic_attributes=&#8221;link_option_url&#8221; _module_preset=&#8221;default&#8221; background_color=&#8221;#EE634B&#8221; background_image=&#8221;https:\/\/carepath-ihi.eu\/wp-content\/uploads\/2025\/07\/tiles_bg.png&#8221; background_size=&#8221;initial&#8221; background_position=&#8221;center_left&#8221; link_option_url=&#8221;@ET-DC@eyJkeW5hbWljIjp0cnVlLCJjb250ZW50IjoicG9zdF9saW5rX3VybF9wYWdlIiwic2V0dGluZ3MiOnsicG9zdF9pZCI6IjkzIn19@&#8221; global_colors_info=&#8221;{}&#8221;][\/et_pb_column][et_pb_column type=&#8221;1_3&#8243; _builder_version=&#8221;4.27.4&#8243; _dynamic_attributes=&#8221;link_option_url&#8221; _module_preset=&#8221;default&#8221; background_color=&#8221;#77233A&#8221; link_option_url=&#8221;@ET-DC@eyJkeW5hbWljIjp0cnVlLCJjb250ZW50IjoicG9zdF9saW5rX3VybF9wYWdlIiwic2V0dGluZ3MiOnsicG9zdF9pZCI6Ijk1In19@&#8221; global_colors_info=&#8221;{}&#8221;][et_pb_heading title=&#8221;Our Approach&#8221; _builder_version=&#8221;4.27.4&#8243; _module_preset=&#8221;default&#8221; title_level=&#8221;h2&#8243; title_font=&#8221;|800|||||||&#8221; title_text_color=&#8221;#EDE6D8&#8243; title_font_size=&#8221;2em&#8221; title_line_height=&#8221;1.4em&#8221; custom_margin=&#8221;4em|0.5em|0px|1.5em|false|false&#8221; global_colors_info=&#8221;{}&#8221;][\/et_pb_heading][et_pb_text _builder_version=&#8221;4.27.4&#8243; _module_preset=&#8221;default&#8221; text_text_color=&#8221;#EDE6D8&#8243; text_font_size=&#8221;1.2em&#8221; text_line_height=&#8221;1.4em&#8221; custom_margin=&#8221;0.5em|1em|2em|1.5em|false|false&#8221; global_colors_info=&#8221;{}&#8221;]<\/p>\n<div class=\"text-with-arrow\">\n<p>Integrated pathways, digital tools, and value-based models that empower patients.<\/p>\n<p><img decoding=\"async\" src=\"https:\/\/cdn.carepath-ihi.eu\/wp-content\/uploads\/2025\/07\/arrow_oat.svg\" alt=\"arrow icon\" class=\"arrow-icon\" \/><\/p>\n<\/div>\n<p>[\/et_pb_text][\/et_pb_column][et_pb_column type=&#8221;1_3&#8243; _builder_version=&#8221;4.27.4&#8243; _dynamic_attributes=&#8221;link_option_url&#8221; _module_preset=&#8221;default&#8221; background_color=&#8221;#B9E5FB&#8221; link_option_url=&#8221;@ET-DC@eyJkeW5hbWljIjp0cnVlLCJjb250ZW50IjoicG9zdF9saW5rX3VybF9wYWdlIiwic2V0dGluZ3MiOnsicG9zdF9pZCI6Ijk5In19@&#8221; global_colors_info=&#8221;{}&#8221;][et_pb_heading title=&#8221;Partners&#8221; _builder_version=&#8221;4.27.4&#8243; _module_preset=&#8221;default&#8221; title_level=&#8221;h2&#8243; title_font=&#8221;|800|||||||&#8221; title_text_color=&#8221;#074747&#8243; title_font_size=&#8221;2em&#8221; title_line_height=&#8221;1.4em&#8221; custom_margin=&#8221;4em|0.5em|0px|1.5em|false|false&#8221; global_colors_info=&#8221;{}&#8221;][\/et_pb_heading][et_pb_text _builder_version=&#8221;4.27.4&#8243; _module_preset=&#8221;default&#8221; text_text_color=&#8221;#074747&#8243; text_font_size=&#8221;1.2em&#8221; text_line_height=&#8221;1.4em&#8221; custom_margin=&#8221;0.5em|1em|2em|1.5em|false|false&#8221; global_colors_info=&#8221;{}&#8221;]<\/p>\n<div class=\"text-with-arrow\">\n<p>Meet the organisations powering CarePath across Europe.<\/p>\n<p><img decoding=\"async\" src=\"https:\/\/cdn.carepath-ihi.eu\/wp-content\/uploads\/2025\/07\/arrow_green.svg\" alt=\"arrow icon\" class=\"arrow-icon\" \/><\/p>\n<\/div>\n<p>[\/et_pb_text][\/et_pb_column][\/et_pb_row][et_pb_row column_structure=&#8221;1_3,1_3,1_3&#8243; use_custom_gutter=&#8221;on&#8221; gutter_width=&#8221;1&#8243; make_equal=&#8221;on&#8221; _builder_version=&#8221;4.27.4&#8243; _module_preset=&#8221;default&#8221; width_tablet=&#8221;100%&#8221; width_phone=&#8221;100%&#8221; width_last_edited=&#8221;on|tablet&#8221; custom_margin=&#8221;0px||0px||true|false&#8221; custom_padding=&#8221;0px||0px||true|false&#8221; global_colors_info=&#8221;{}&#8221;][et_pb_column type=&#8221;1_3&#8243; _builder_version=&#8221;4.27.4&#8243; _dynamic_attributes=&#8221;link_option_url&#8221; _module_preset=&#8221;default&#8221; background_color=&#8221;#EE634B&#8221; link_option_url=&#8221;@ET-DC@eyJkeW5hbWljIjp0cnVlLCJjb250ZW50IjoicG9zdF9saW5rX3VybF9wYWdlIiwic2V0dGluZ3MiOnsicG9zdF9pZCI6IjkwIn19@&#8221; global_colors_info=&#8221;{}&#8221;][et_pb_heading title=&#8221;What is CarePath?&#8221; _builder_version=&#8221;4.27.4&#8243; _module_preset=&#8221;default&#8221; title_level=&#8221;h2&#8243; title_font=&#8221;|800|||||||&#8221; title_text_color=&#8221;#000000&#8243; title_font_size=&#8221;2em&#8221; title_line_height=&#8221;1.4em&#8221; custom_margin=&#8221;4em|0.5em|0px|1.5em|false|false&#8221; global_colors_info=&#8221;{}&#8221;][\/et_pb_heading][et_pb_text _builder_version=&#8221;4.27.4&#8243; _module_preset=&#8221;default&#8221; text_text_color=&#8221;#000000&#8243; text_font_size=&#8221;1.2em&#8221; text_line_height=&#8221;1.4em&#8221; header_text_color=&#8221;#000000&#8243; custom_margin=&#8221;0.5em|1em|2em|1.5em|false|false&#8221; global_colors_info=&#8221;{}&#8221;]<\/p>\n<div class=\"text-with-arrow\">\n<p>Improving care for Europe\u2019s most vulnerable through innovation and collaboration.<\/p>\n<p><img decoding=\"async\" src=\"https:\/\/cdn.carepath-ihi.eu\/wp-content\/uploads\/2025\/07\/arrow_black.svg\" alt=\"arrow icon\" class=\"arrow-icon\" \/><\/p>\n<\/div>\n<p>[\/et_pb_text][\/et_pb_column][et_pb_column type=&#8221;1_3&#8243; _builder_version=&#8221;4.27.4&#8243; _dynamic_attributes=&#8221;link_option_url&#8221; _module_preset=&#8221;default&#8221; background_color=&#8221;#EDE6D8&#8243; link_option_url=&#8221;@ET-DC@eyJkeW5hbWljIjp0cnVlLCJjb250ZW50IjoicG9zdF9saW5rX3VybF9wYWdlIiwic2V0dGluZ3MiOnsicG9zdF9pZCI6Ijk3In19@&#8221; global_colors_info=&#8221;{}&#8221;][et_pb_heading title=&#8221;Pilot Sites&#8221; _builder_version=&#8221;4.27.4&#8243; _module_preset=&#8221;default&#8221; title_level=&#8221;h2&#8243; title_font=&#8221;|800|||||||&#8221; title_text_color=&#8221;#074747&#8243; title_font_size=&#8221;2em&#8221; title_line_height=&#8221;1.4em&#8221; custom_margin=&#8221;4em|0.5em|0px|1.5em|false|false&#8221; global_colors_info=&#8221;{}&#8221;][\/et_pb_heading][et_pb_text _builder_version=&#8221;4.27.4&#8243; _module_preset=&#8221;default&#8221; text_text_color=&#8221;#074747&#8243; text_font_size=&#8221;1.2em&#8221; text_line_height=&#8221;1.4em&#8221; custom_margin=&#8221;0.5em|1em|2em|1.5em|false|false&#8221; global_colors_info=&#8221;{}&#8221;]<\/p>\n<div class=\"text-with-arrow\">\n<p>Real-world testing in six countries to improve integrated care delivery.<\/p>\n<p><img decoding=\"async\" src=\"https:\/\/cdn.carepath-ihi.eu\/wp-content\/uploads\/2025\/07\/arrow_green.svg\" alt=\"arrow icon\" class=\"arrow-icon\" \/><\/p>\n<\/div>\n<p>[\/et_pb_text][\/et_pb_column][et_pb_column type=&#8221;1_3&#8243; _builder_version=&#8221;4.27.4&#8243; _dynamic_attributes=&#8221;link_option_url&#8221; _module_preset=&#8221;default&#8221; background_color=&#8221;#074747&#8243; link_option_url=&#8221;@ET-DC@eyJkeW5hbWljIjp0cnVlLCJjb250ZW50IjoicG9zdF9saW5rX3VybF9wYWdlIiwic2V0dGluZ3MiOnsicG9zdF9pZCI6IjEwMSJ9fQ==@&#8221; global_colors_info=&#8221;{}&#8221;][et_pb_heading title=&#8221;News &#038; Events&#8221; _builder_version=&#8221;4.27.4&#8243; _module_preset=&#8221;default&#8221; title_level=&#8221;h2&#8243; title_font=&#8221;|800|||||||&#8221; title_text_color=&#8221;#EDE6D8&#8243; title_font_size=&#8221;2em&#8221; title_line_height=&#8221;1.4em&#8221; custom_margin=&#8221;4em|0.5em|0px|1.5em|false|false&#8221; global_colors_info=&#8221;{}&#8221;][\/et_pb_heading][et_pb_text _builder_version=&#8221;4.27.4&#8243; _module_preset=&#8221;default&#8221; text_text_color=&#8221;#EDE6D8&#8243; text_font_size=&#8221;1.2em&#8221; text_line_height=&#8221;1.4em&#8221; custom_margin=&#8221;0.5em|1em|2em|1.5em|false|false&#8221; global_colors_info=&#8221;{}&#8221;]<\/p>\n<div class=\"text-with-arrow\">\n<p>The latest news and updates from CarePath.<\/p>\n<p><img decoding=\"async\" src=\"https:\/\/cdn.carepath-ihi.eu\/wp-content\/uploads\/2025\/07\/arrow_oat.svg\" alt=\"arrow icon\" class=\"arrow-icon\" \/><\/p>\n<\/div>\n<p>[\/et_pb_text][\/et_pb_column][\/et_pb_row][\/et_pb_section][et_pb_section fb_built=&#8221;1&#8243; _builder_version=&#8221;4.27.4&#8243; _dynamic_attributes=&#8221;link_option_url&#8221; _module_preset=&#8221;default&#8221; background_color=&#8221;#B9E5FB&#8221; link_option_url=&#8221;@ET-DC@eyJkeW5hbWljIjp0cnVlLCJjb250ZW50IjoicG9zdF9saW5rX3VybF9wYWdlIiwic2V0dGluZ3MiOnsicG9zdF9pZCI6IjcyOSJ9fQ==@&#8221; global_module=&#8221;784&#8243; saved_tabs=&#8221;all&#8221; global_colors_info=&#8221;{}&#8221;][et_pb_row column_structure=&#8221;1_2,1_2&#8243; make_equal=&#8221;on&#8221; _builder_version=&#8221;4.27.4&#8243; _module_preset=&#8221;default&#8221; global_colors_info=&#8221;{}&#8221;][et_pb_column type=&#8221;1_2&#8243; _builder_version=&#8221;4.27.4&#8243; _module_preset=&#8221;default&#8221; custom_css_main_element=&#8221;margin:auto;&#8221; global_colors_info=&#8221;{}&#8221;][et_pb_heading title=&#8221;CarePath Hackathons&#8221; _builder_version=&#8221;4.27.4&#8243; _module_preset=&#8221;default&#8221; title_level=&#8221;h2&#8243; title_text_color=&#8221;#074747&#8243; title_font_size=&#8221;2.19em&#8221; title_line_height=&#8221;1.4em&#8221; global_colors_info=&#8221;{}&#8221;][\/et_pb_heading][et_pb_text _builder_version=&#8221;4.27.4&#8243; _module_preset=&#8221;default&#8221; text_text_color=&#8221;#074747&#8243; text_font_size=&#8221;1.38em&#8221; text_line_height=&#8221;1.4em&#8221; global_colors_info=&#8221;{}&#8221;]<\/p>\n<p>Join the CarePath Hackathons \u2013 uniting patients, caregivers, and experts to improve medication adherence and chronic disease care.<\/p>\n<p>[\/et_pb_text][et_pb_button button_url=&#8221;@ET-DC@eyJkeW5hbWljIjp0cnVlLCJjb250ZW50IjoicG9zdF9saW5rX3VybF9wYWdlIiwic2V0dGluZ3MiOnsicG9zdF9pZCI6IjcyOSJ9fQ==@&#8221; button_text=&#8221;Find out more&#8221; _builder_version=&#8221;4.27.4&#8243; _dynamic_attributes=&#8221;button_url&#8221; _module_preset=&#8221;default&#8221; custom_button=&#8221;on&#8221; button_text_color=&#8221;#FFFFFF&#8221; button_bg_color=&#8221;#EE634B&#8221; button_border_color=&#8221;#EE634B&#8221; button_use_icon=&#8221;off&#8221; global_colors_info=&#8221;{}&#8221;][\/et_pb_button][\/et_pb_column][et_pb_column type=&#8221;1_2&#8243; _builder_version=&#8221;4.27.4&#8243; _module_preset=&#8221;default&#8221; global_colors_info=&#8221;{}&#8221;][et_pb_image src=&#8221;https:\/\/carepath-ihi.eu\/wp-content\/uploads\/2025\/10\/hackathon-banner-2.jpg&#8221; alt=&#8221;Three sheets of paper with hand-drawn sketches and notes, including diagrams of mobile interfaces, lie on a dark desk beside a black Sharpie marker.&#8221; title_text=&#8221;hackathon-banner-2&#8243; _builder_version=&#8221;4.27.4&#8243; _module_preset=&#8221;default&#8221; border_radii=&#8221;on|25px|25px|25px|25px&#8221; global_colors_info=&#8221;{}&#8221;][\/et_pb_image][\/et_pb_column][\/et_pb_row][et_pb_row _builder_version=&#8221;4.27.4&#8243; _module_preset=&#8221;default&#8221; z_index=&#8221;1&#8243; width=&#8221;100%&#8221; max_width=&#8221;100%&#8221; custom_margin=&#8221;0px||0px||true|false&#8221; custom_padding=&#8221;0px||0px||true|false&#8221; locked=&#8221;off&#8221; global_colors_info=&#8221;{}&#8221;][et_pb_column type=&#8221;4_4&#8243; _builder_version=&#8221;4.27.4&#8243; _module_preset=&#8221;default&#8221; global_colors_info=&#8221;{}&#8221;][et_pb_image src=&#8221;https:\/\/carepath-ihi.eu\/wp-content\/uploads\/2025\/07\/heart_half_red_2.svg&#8221; alt=&#8221;A thick, red curved line on a white background, resembling the left half of a heart shape.&#8221; title_text=&#8221;heart_half_red_2&#8243; _builder_version=&#8221;4.27.4&#8243; _module_preset=&#8221;default&#8221; positioning=&#8221;absolute&#8221; position_origin_a=&#8221;bottom_left&#8221; vertical_offset=&#8221;-70px&#8221; horizontal_offset=&#8221;0px&#8221; width=&#8221;30%&#8221; global_colors_info=&#8221;{}&#8221;][\/et_pb_image][\/et_pb_column][\/et_pb_row][\/et_pb_section]<\/p>\n","protected":false},"excerpt":{"rendered":"<p>Empowering integrated care forEurope&#8217;s most vulnerableCarePath is a European collaboration dedicated to improving the lives of citizens with complex care needs. By integrating pathways, connecting data, and empowering patients, we\u2019re building a future where care is personalised, efficient, and equitable.Person-first language is the standard for respectfully addressing individuals with chronic conditions and diseases.\u00a0 Find out [&hellip;]<\/p>\n","protected":false},"author":1,"featured_media":0,"parent":0,"menu_order":0,"comment_status":"closed","ping_status":"closed","template":"","meta":{"_et_pb_use_builder":"on","_et_pb_old_content":"","_et_gb_content_width":"","footnotes":""},"class_list":["post-2","page","type-page","status-publish","hentry"],"yoast_head":"<!-- This site is optimized with the Yoast SEO plugin v27.4 - https:\/\/yoast.com\/product\/yoast-seo-wordpress\/ -->\n<title>Home - CarePath<\/title>\n<meta name=\"robots\" content=\"index, follow, max-snippet:-1, max-image-preview:large, max-video-preview:-1\" \/>\n<link rel=\"canonical\" href=\"http:\/\/carepath-ihi.eu\/de\/\" \/>\n<meta property=\"og:locale\" content=\"de_DE\" \/>\n<meta property=\"og:type\" content=\"article\" \/>\n<meta property=\"og:title\" content=\"Home - CarePath\" \/>\n<meta property=\"og:description\" content=\"Empowering integrated care forEurope&#039;s most vulnerableCarePath is a European collaboration dedicated to improving the lives of citizens with complex care needs. By integrating pathways, connecting data, and empowering patients, we\u2019re building a future where care is personalised, efficient, and equitable.Person-first language is the standard for respectfully addressing individuals with chronic conditions and diseases.\u00a0 Find out [&hellip;]\" \/>\n<meta property=\"og:url\" content=\"http:\/\/carepath-ihi.eu\/de\/\" \/>\n<meta property=\"og:site_name\" content=\"CarePath\" \/>\n<meta property=\"article:modified_time\" content=\"2026-01-20T20:42:50+00:00\" \/>\n<meta property=\"og:image\" content=\"https:\/\/carepath-ihi.eu\/wp-content\/uploads\/2025\/07\/arrow_oat.svg\" \/>\n<meta name=\"twitter:card\" content=\"summary_large_image\" \/>\n<script type=\"application\/ld+json\" class=\"yoast-schema-graph\">{\"@context\":\"https:\\\/\\\/schema.org\",\"@graph\":[{\"@type\":\"WebPage\",\"@id\":\"http:\\\/\\\/carepath-ihi.eu\\\/\",\"url\":\"http:\\\/\\\/carepath-ihi.eu\\\/\",\"name\":\"Home - CarePath\",\"isPartOf\":{\"@id\":\"http:\\\/\\\/carepath-ihi.eu\\\/#website\"},\"primaryImageOfPage\":{\"@id\":\"http:\\\/\\\/carepath-ihi.eu\\\/#primaryimage\"},\"image\":{\"@id\":\"http:\\\/\\\/carepath-ihi.eu\\\/#primaryimage\"},\"thumbnailUrl\":\"https:\\\/\\\/carepath-ihi.eu\\\/wp-content\\\/uploads\\\/2025\\\/07\\\/arrow_oat.svg\",\"datePublished\":\"2025-06-24T14:20:33+00:00\",\"dateModified\":\"2026-01-20T20:42:50+00:00\",\"breadcrumb\":{\"@id\":\"http:\\\/\\\/carepath-ihi.eu\\\/#breadcrumb\"},\"inLanguage\":\"de\",\"potentialAction\":[{\"@type\":\"ReadAction\",\"target\":[\"http:\\\/\\\/carepath-ihi.eu\\\/\"]}]},{\"@type\":\"ImageObject\",\"inLanguage\":\"de\",\"@id\":\"http:\\\/\\\/carepath-ihi.eu\\\/#primaryimage\",\"url\":\"https:\\\/\\\/carepath-ihi.eu\\\/wp-content\\\/uploads\\\/2025\\\/07\\\/arrow_oat.svg\",\"contentUrl\":\"https:\\\/\\\/carepath-ihi.eu\\\/wp-content\\\/uploads\\\/2025\\\/07\\\/arrow_oat.svg\"},{\"@type\":\"BreadcrumbList\",\"@id\":\"http:\\\/\\\/carepath-ihi.eu\\\/#breadcrumb\",\"itemListElement\":[{\"@type\":\"ListItem\",\"position\":1,\"name\":\"Home\",\"item\":\"http:\\\/\\\/carepath-ihi.eu\\\/\"},{\"@type\":\"ListItem\",\"position\":2,\"name\":\"Home\"}]},{\"@type\":\"WebSite\",\"@id\":\"http:\\\/\\\/carepath-ihi.eu\\\/#website\",\"url\":\"http:\\\/\\\/carepath-ihi.eu\\\/\",\"name\":\"CarePath\",\"description\":\"Empowering integrated care for Europe\u2019s most vulnerable\",\"potentialAction\":[{\"@type\":\"SearchAction\",\"target\":{\"@type\":\"EntryPoint\",\"urlTemplate\":\"http:\\\/\\\/carepath-ihi.eu\\\/?s={search_term_string}\"},\"query-input\":{\"@type\":\"PropertyValueSpecification\",\"valueRequired\":true,\"valueName\":\"search_term_string\"}}],\"inLanguage\":\"de\"}]}<\/script>\n<!-- \/ Yoast SEO plugin. -->","yoast_head_json":{"title":"Home - CarePath","robots":{"index":"index","follow":"follow","max-snippet":"max-snippet:-1","max-image-preview":"max-image-preview:large","max-video-preview":"max-video-preview:-1"},"canonical":"http:\/\/carepath-ihi.eu\/de\/","og_locale":"de_DE","og_type":"article","og_title":"Home - CarePath","og_description":"Empowering integrated care forEurope's most vulnerableCarePath is a European collaboration dedicated to improving the lives of citizens with complex care needs. By integrating pathways, connecting data, and empowering patients, we\u2019re building a future where care is personalised, efficient, and equitable.Person-first language is the standard for respectfully addressing individuals with chronic conditions and diseases.\u00a0 Find out [&hellip;]","og_url":"http:\/\/carepath-ihi.eu\/de\/","og_site_name":"CarePath","article_modified_time":"2026-01-20T20:42:50+00:00","og_image":[{"url":"https:\/\/carepath-ihi.eu\/wp-content\/uploads\/2025\/07\/arrow_oat.svg","type":"","width":"","height":""}],"twitter_card":"summary_large_image","schema":{"@context":"https:\/\/schema.org","@graph":[{"@type":"WebPage","@id":"http:\/\/carepath-ihi.eu\/","url":"http:\/\/carepath-ihi.eu\/","name":"Home - CarePath","isPartOf":{"@id":"http:\/\/carepath-ihi.eu\/#website"},"primaryImageOfPage":{"@id":"http:\/\/carepath-ihi.eu\/#primaryimage"},"image":{"@id":"http:\/\/carepath-ihi.eu\/#primaryimage"},"thumbnailUrl":"https:\/\/carepath-ihi.eu\/wp-content\/uploads\/2025\/07\/arrow_oat.svg","datePublished":"2025-06-24T14:20:33+00:00","dateModified":"2026-01-20T20:42:50+00:00","breadcrumb":{"@id":"http:\/\/carepath-ihi.eu\/#breadcrumb"},"inLanguage":"de","potentialAction":[{"@type":"ReadAction","target":["http:\/\/carepath-ihi.eu\/"]}]},{"@type":"ImageObject","inLanguage":"de","@id":"http:\/\/carepath-ihi.eu\/#primaryimage","url":"https:\/\/carepath-ihi.eu\/wp-content\/uploads\/2025\/07\/arrow_oat.svg","contentUrl":"https:\/\/carepath-ihi.eu\/wp-content\/uploads\/2025\/07\/arrow_oat.svg"},{"@type":"BreadcrumbList","@id":"http:\/\/carepath-ihi.eu\/#breadcrumb","itemListElement":[{"@type":"ListItem","position":1,"name":"Home","item":"http:\/\/carepath-ihi.eu\/"},{"@type":"ListItem","position":2,"name":"Home"}]},{"@type":"WebSite","@id":"http:\/\/carepath-ihi.eu\/#website","url":"http:\/\/carepath-ihi.eu\/","name":"CarePath","description":"St\u00e4rkung der integrierten Pflege f\u00fcr die am meisten gef\u00e4hrdeten Menschen in Europa","potentialAction":[{"@type":"SearchAction","target":{"@type":"EntryPoint","urlTemplate":"http:\/\/carepath-ihi.eu\/?s={search_term_string}"},"query-input":{"@type":"PropertyValueSpecification","valueRequired":true,"valueName":"search_term_string"}}],"inLanguage":"de"}]}},"_links":{"self":[{"href":"https:\/\/carepath-ihi.eu\/de\/wp-json\/wp\/v2\/pages\/2","targetHints":{"allow":["GET"]}}],"collection":[{"href":"https:\/\/carepath-ihi.eu\/de\/wp-json\/wp\/v2\/pages"}],"about":[{"href":"https:\/\/carepath-ihi.eu\/de\/wp-json\/wp\/v2\/types\/page"}],"author":[{"embeddable":true,"href":"https:\/\/carepath-ihi.eu\/de\/wp-json\/wp\/v2\/users\/1"}],"replies":[{"embeddable":true,"href":"https:\/\/carepath-ihi.eu\/de\/wp-json\/wp\/v2\/comments?post=2"}],"version-history":[{"count":80,"href":"https:\/\/carepath-ihi.eu\/de\/wp-json\/wp\/v2\/pages\/2\/revisions"}],"predecessor-version":[{"id":945,"href":"https:\/\/carepath-ihi.eu\/de\/wp-json\/wp\/v2\/pages\/2\/revisions\/945"}],"wp:attachment":[{"href":"https:\/\/carepath-ihi.eu\/de\/wp-json\/wp\/v2\/media?parent=2"}],"curies":[{"name":"wp","href":"https:\/\/api.w.org\/{rel}","templated":true}]}}