{"id":90,"date":"2025-07-15T11:56:29","date_gmt":"2025-07-15T11:56:29","guid":{"rendered":"https:\/\/carepath-ihi.eu\/?page_id=90"},"modified":"2025-11-06T19:56:28","modified_gmt":"2025-11-06T18:56:28","slug":"about-carepath","status":"publish","type":"page","link":"https:\/\/carepath-ihi.eu\/sv\/about-carepath\/","title":{"rendered":"Om CarePath"},"content":{"rendered":"<p>[et_pb_section fb_built=&#8221;1&#8243; module_class=&#8221;anchor-bottom-section&#8221; _builder_version=&#8221;4.27.4&#8243; _module_preset=&#8221;default&#8221; background_enable_image=&#8221;off&#8221; background_position=&#8221;top_center&#8221; custom_padding=&#8221;1em||1em||true|false&#8221; global_colors_info=&#8221;{}&#8221;][et_pb_row _builder_version=&#8221;4.27.4&#8243; _module_preset=&#8221;default&#8221; global_colors_info=&#8221;{}&#8221;][et_pb_column type=&#8221;4_4&#8243; _builder_version=&#8221;4.27.4&#8243; _module_preset=&#8221;default&#8221; global_colors_info=&#8221;{}&#8221;][et_pb_text _builder_version=&#8221;4.27.4&#8243; _module_preset=&#8221;default&#8221; global_colors_info=&#8221;{}&#8221;]<\/p>\n<h1 class=\"highlighted-heading\"><span>About us<\/span><\/h1>\n<p>[\/et_pb_text][\/et_pb_column][\/et_pb_row][et_pb_row column_structure=&#8221;1_2,1_2&#8243; _builder_version=&#8221;4.27.4&#8243; _module_preset=&#8221;default&#8221; global_colors_info=&#8221;{}&#8221;][et_pb_column type=&#8221;1_2&#8243; _builder_version=&#8221;4.27.4&#8243; _module_preset=&#8221;default&#8221; global_colors_info=&#8221;{}&#8221;][et_pb_heading title=&#8221;What is CarePath?&#8221; _builder_version=&#8221;4.27.4&#8243; _module_preset=&#8221;default&#8221; title_level=&#8221;h2&#8243; title_text_color=&#8221;#074747&#8243; title_font_size=&#8221;2.19em&#8221; title_line_height=&#8221;1.4em&#8221; global_colors_info=&#8221;{}&#8221;][\/et_pb_heading][\/et_pb_column][et_pb_column type=&#8221;1_2&#8243; _builder_version=&#8221;4.27.4&#8243; _module_preset=&#8221;default&#8221; global_colors_info=&#8221;{}&#8221;][et_pb_text _builder_version=&#8221;4.27.4&#8243; _module_preset=&#8221;default&#8221; text_font_size=&#8221;1.38em&#8221; text_line_height=&#8221;1.4em&#8221; global_colors_info=&#8221;{}&#8221;]<\/p>\n<p>CarePath is a European research and innovation project created to support people living with long-term health conditions in managing their treatment effectively and comfortably. By offering personalised tools and resources, the project aims to improve health, wellbeing, and overall quality of life.<\/p>\n<p>Thanks to advances in healthcare, many chronic conditions can now be managed successfully with medication. However, research shows that many people find it difficult to continue their treatment over time, often due to a lack of support, social stigma, or financial pressures.<\/p>\n<p>CarePath will address these challenges by developing a flexible, ready-to-use toolbox designed to help individuals manage their medications in ways that fit their needs and lifestyles.<\/p>\n<p>[\/et_pb_text][\/et_pb_column][\/et_pb_row][\/et_pb_section][et_pb_section fb_built=&#8221;1&#8243; _builder_version=&#8221;4.27.4&#8243; _module_preset=&#8221;default&#8221; background_color=&#8221;#074747&#8243; background_enable_image=&#8221;off&#8221; background_size=&#8221;initial&#8221; background_position=&#8221;top_left&#8221; background_vertical_offset=&#8221;100%&#8221; global_colors_info=&#8221;{}&#8221;][et_pb_row _builder_version=&#8221;4.27.4&#8243; _module_preset=&#8221;default&#8221; global_colors_info=&#8221;{}&#8221;][et_pb_column type=&#8221;4_4&#8243; _builder_version=&#8221;4.27.4&#8243; _module_preset=&#8221;default&#8221; global_colors_info=&#8221;{}&#8221;][et_pb_heading title=&#8221;Our mission&#8221; _builder_version=&#8221;4.27.4&#8243; _module_preset=&#8221;default&#8221; title_level=&#8221;h2&#8243; title_text_align=&#8221;center&#8221; title_text_color=&#8221;#B9E5FB&#8221; title_font_size=&#8221;2.19em&#8221; title_line_height=&#8221;1.4em&#8221; global_colors_info=&#8221;{}&#8221;][\/et_pb_heading][et_pb_text _builder_version=&#8221;4.27.4&#8243; _module_preset=&#8221;default&#8221; text_text_color=&#8221;#B9E5FB&#8221; text_font_size=&#8221;1.2em&#8221; text_line_height=&#8221;1.4em&#8221; text_orientation=&#8221;center&#8221; width=&#8221;70%&#8221; width_tablet=&#8221;80%&#8221; width_phone=&#8221;80%&#8221; width_last_edited=&#8221;on|phone&#8221; module_alignment=&#8221;center&#8221; global_colors_info=&#8221;{}&#8221;]<\/p>\n<p>Putting people first with personalised tools and care to make managing health easier.<\/p>\n<p>[\/et_pb_text][\/et_pb_column][\/et_pb_row][et_pb_row disabled_on=&#8221;on|off|off&#8221; _builder_version=&#8221;4.27.4&#8243; _module_preset=&#8221;default&#8221; width=&#8221;100%&#8221; max_width=&#8221;100%&#8221; global_colors_info=&#8221;{}&#8221;][et_pb_column type=&#8221;4_4&#8243; _builder_version=&#8221;4.27.4&#8243; _module_preset=&#8221;default&#8221; global_colors_info=&#8221;{}&#8221;][et_pb_image src=&#8221;https:\/\/carepath-ihi.eu\/wp-content\/uploads\/2025\/07\/heart_half_red.svg&#8221; alt=&#8221;A thick, red, curved line forming the left side of a heart shape on a white background.&#8221; title_text=&#8221;heart_half_red&#8221; align=&#8221;right&#8221; disabled_on=&#8221;on|on|off&#8221; _builder_version=&#8221;4.27.4&#8243; _module_preset=&#8221;default&#8221; positioning=&#8221;absolute&#8221; position_origin_a=&#8221;top_right&#8221; vertical_offset=&#8221;-150px&#8221; horizontal_offset=&#8221;0px&#8221; width=&#8221;40%&#8221; global_colors_info=&#8221;{}&#8221;][\/et_pb_image][et_pb_image src=&#8221;https:\/\/carepath-ihi.eu\/wp-content\/uploads\/2025\/07\/heart_half_blue.svg&#8221; alt=&#8221;A thick, light blue curved line forms part of a heart shape on a white background, with only the left half of the heart visible.&#8221; title_text=&#8221;heart_half_blue&#8221; disabled_on=&#8221;on|off|off&#8221; _builder_version=&#8221;4.27.4&#8243; _module_preset=&#8221;default&#8221; positioning=&#8221;absolute&#8221; position_origin_a=&#8221;bottom_left&#8221; vertical_offset=&#8221;70px&#8221; horizontal_offset=&#8221;-15px&#8221; position_origin_a_tablet=&#8221;bottom_left&#8221; position_origin_a_phone=&#8221;bottom_left&#8221; position_origin_a_last_edited=&#8221;on|tablet&#8221; position_origin_f_tablet=&#8221;&#8221; position_origin_f_phone=&#8221;&#8221; position_origin_f_last_edited=&#8221;on|tablet&#8221; position_origin_r_tablet=&#8221;&#8221; position_origin_r_phone=&#8221;&#8221; position_origin_r_last_edited=&#8221;on|tablet&#8221; width=&#8221;30%&#8221; positioning_tablet=&#8221;absolute&#8221; positioning_phone=&#8221;absolute&#8221; positioning_last_edited=&#8221;on|tablet&#8221; global_colors_info=&#8221;{}&#8221;][\/et_pb_image][\/et_pb_column][\/et_pb_row][\/et_pb_section][et_pb_section fb_built=&#8221;1&#8243; _builder_version=&#8221;4.27.4&#8243; _module_preset=&#8221;default&#8221; background_color=&#8221;#FFFFFF&#8221; global_colors_info=&#8221;{}&#8221;][et_pb_row _builder_version=&#8221;4.27.4&#8243; _module_preset=&#8221;default&#8221; global_colors_info=&#8221;{}&#8221;][et_pb_column type=&#8221;4_4&#8243; _builder_version=&#8221;4.27.4&#8243; _module_preset=&#8221;default&#8221; global_colors_info=&#8221;{}&#8221;][et_pb_heading title=&#8221;Who we serve&#8221; _builder_version=&#8221;4.27.4&#8243; _module_preset=&#8221;default&#8221; title_level=&#8221;h2&#8243; title_text_align=&#8221;center&#8221; title_text_color=&#8221;#074747&#8243; title_font_size=&#8221;2.19em&#8221; title_line_height=&#8221;1.4em&#8221; global_colors_info=&#8221;{}&#8221;][\/et_pb_heading][\/et_pb_column][\/et_pb_row][et_pb_row column_structure=&#8221;1_2,1_2&#8243; _builder_version=&#8221;4.27.4&#8243; _module_preset=&#8221;default&#8221; global_colors_info=&#8221;{}&#8221;][et_pb_column type=&#8221;1_2&#8243; _builder_version=&#8221;4.27.4&#8243; _module_preset=&#8221;default&#8221; global_colors_info=&#8221;{}&#8221;][et_pb_blurb title=&#8221;People living with long-term health conditions&#8221; image=&#8221;https:\/\/carepath-ihi.eu\/wp-content\/uploads\/2025\/07\/icon_1.svg&#8221; alt=&#8221;A bold black number 1 centered on a light blue circular background.&#8221; icon_placement=&#8221;left&#8221; image_icon_width=&#8221;200%&#8221; _builder_version=&#8221;4.27.4&#8243; _module_preset=&#8221;default&#8221; header_level=&#8221;h3&#8243; header_text_align=&#8221;left&#8221; header_font_size=&#8221;1.4em&#8221; body_font_size=&#8221;1.1em&#8221; image_icon_custom_margin=&#8221;0.5em|0.35em|||false|false&#8221; image_icon_custom_padding=&#8221;|2em|||false|false&#8221; custom_margin=&#8221;||||false|false&#8221; custom_padding=&#8221;||||false|false&#8221; locked=&#8221;off&#8221; global_colors_info=&#8221;{}&#8221;]<\/p>\n<p>Supporting individuals to manage their treatment with confidence and dignity.<\/p>\n<p>[\/et_pb_blurb][\/et_pb_column][et_pb_column type=&#8221;1_2&#8243; _builder_version=&#8221;4.27.4&#8243; _module_preset=&#8221;default&#8221; global_colors_info=&#8221;{}&#8221;][et_pb_blurb title=&#8221;Carers and families&#8221; image=&#8221;https:\/\/carepath-ihi.eu\/wp-content\/uploads\/2025\/07\/icon_2.svg&#8221; alt=&#8221;A dark green number 2 centered on a light blue circular background.&#8221; icon_placement=&#8221;left&#8221; image_icon_width=&#8221;200%&#8221; _builder_version=&#8221;4.27.4&#8243; _module_preset=&#8221;default&#8221; header_level=&#8221;h3&#8243; header_text_align=&#8221;left&#8221; header_font_size=&#8221;1.4em&#8221; body_font_size=&#8221;1.1em&#8221; image_icon_custom_margin=&#8221;0.5em|0.35em|||false|false&#8221; image_icon_custom_padding=&#8221;|2em|||false|false&#8221; custom_margin=&#8221;||||false|false&#8221; custom_padding=&#8221;||||false|false&#8221; locked=&#8221;off&#8221; global_colors_info=&#8221;{}&#8221;]<\/p>\n<p>Offering guidance and resources to help loved ones feel supported.<\/p>\n<p>[\/et_pb_blurb][\/et_pb_column][\/et_pb_row][et_pb_row column_structure=&#8221;1_2,1_2&#8243; _builder_version=&#8221;4.27.4&#8243; _module_preset=&#8221;default&#8221; global_colors_info=&#8221;{}&#8221;][et_pb_column type=&#8221;1_2&#8243; _builder_version=&#8221;4.27.4&#8243; _module_preset=&#8221;default&#8221; global_colors_info=&#8221;{}&#8221;][et_pb_blurb title=&#8221;Health system leaders and policymakers&#8221; image=&#8221;https:\/\/carepath-ihi.eu\/wp-content\/uploads\/2025\/07\/icon_3.svg&#8221; alt=&#8221;A bold, dark green number 3 centered inside a light blue circle.&#8221; icon_placement=&#8221;left&#8221; image_icon_width=&#8221;200%&#8221; _builder_version=&#8221;4.27.4&#8243; _module_preset=&#8221;default&#8221; header_level=&#8221;h3&#8243; header_text_align=&#8221;left&#8221; header_font_size=&#8221;1.4em&#8221; body_font_size=&#8221;1.1em&#8221; image_icon_custom_margin=&#8221;0.5em|0.35em|||false|false&#8221; image_icon_custom_padding=&#8221;|2em|||false|false&#8221; custom_margin=&#8221;||||false|false&#8221; custom_padding=&#8221;||||false|false&#8221; locked=&#8221;off&#8221; global_colors_info=&#8221;{}&#8221;]<\/p>\n<p><span style=\"font-weight: 400;\">Providing evidence and tools to design care systems that truly meet people\u2019s needs.<\/span><\/p>\n<p>[\/et_pb_blurb][\/et_pb_column][et_pb_column type=&#8221;1_2&#8243; _builder_version=&#8221;4.27.4&#8243; _module_preset=&#8221;default&#8221; global_colors_info=&#8221;{}&#8221;][et_pb_blurb title=&#8221;Healthcare professionals&#8221; image=&#8221;https:\/\/carepath-ihi.eu\/wp-content\/uploads\/2025\/07\/icon_4.svg&#8221; alt=&#8221;A bold, dark teal number 4 is centered on a light blue circular background.&#8221; icon_placement=&#8221;left&#8221; image_icon_width=&#8221;200%&#8221; _builder_version=&#8221;4.27.4&#8243; _module_preset=&#8221;default&#8221; header_level=&#8221;h3&#8243; header_text_align=&#8221;left&#8221; header_font_size=&#8221;1.4em&#8221; body_font_size=&#8221;1.1em&#8221; image_icon_custom_margin=&#8221;0.5em|0.35em|||false|false&#8221; image_icon_custom_padding=&#8221;|2em|||false|false&#8221; custom_margin=&#8221;||||false|false&#8221; custom_padding=&#8221;||||false|false&#8221; locked=&#8221;off&#8221; global_colors_info=&#8221;{}&#8221;]<\/p>\n<p>Equipping care teams with practical solutions to deliver personalised, effective care.<\/p>\n<p>[\/et_pb_blurb][\/et_pb_column][\/et_pb_row][\/et_pb_section][et_pb_section fb_built=&#8221;1&#8243; _builder_version=&#8221;4.27.4&#8243; _module_preset=&#8221;default&#8221; background_color=&#8221;#EDE6D8&#8243; global_colors_info=&#8221;{}&#8221;][et_pb_row _builder_version=&#8221;4.27.4&#8243; _module_preset=&#8221;default&#8221; global_colors_info=&#8221;{}&#8221;][et_pb_column type=&#8221;4_4&#8243; _builder_version=&#8221;4.27.4&#8243; _module_preset=&#8221;default&#8221; global_colors_info=&#8221;{}&#8221;][et_pb_heading title=&#8221;Where we work&#8221; _builder_version=&#8221;4.27.4&#8243; _module_preset=&#8221;default&#8221; title_level=&#8221;h2&#8243; title_text_align=&#8221;center&#8221; title_text_color=&#8221;#074747&#8243; title_font_size=&#8221;2.19em&#8221; title_line_height=&#8221;1.4em&#8221; global_colors_info=&#8221;{}&#8221;][\/et_pb_heading][et_pb_text _builder_version=&#8221;4.27.4&#8243; _module_preset=&#8221;default&#8221; text_font_size=&#8221;1.2em&#8221; text_line_height=&#8221;1.4em&#8221; text_orientation=&#8221;center&#8221; width=&#8221;70%&#8221; width_tablet=&#8221;80%&#8221; width_phone=&#8221;80%&#8221; width_last_edited=&#8221;on|phone&#8221; max_width_tablet=&#8221;&#8221; max_width_phone=&#8221;&#8221; max_width_last_edited=&#8221;on|desktop&#8221; module_alignment=&#8221;center&#8221; global_colors_info=&#8221;{}&#8221;]<\/p>\n<p>We work across Europe, with CarePath being piloted within six diverse health systems. These real-world pilots allow the consortium to test what works in different cultural, organisational, and policy settings.<\/p>\n<p>[\/et_pb_text][\/et_pb_column][\/et_pb_row][et_pb_row column_structure=&#8221;1_6,1_6,1_6,1_6,1_6,1_6&#8243; _builder_version=&#8221;4.27.4&#8243; _module_preset=&#8221;default&#8221; global_module=&#8221;779&#8243; saved_tabs=&#8221;all&#8221; locked=&#8221;off&#8221; global_colors_info=&#8221;{}&#8221;][et_pb_column type=&#8221;1_6&#8243; _builder_version=&#8221;4.27.4&#8243; _module_preset=&#8221;default&#8221; global_colors_info=&#8221;{}&#8221; custom_css_main_element_last_edited=&#8221;on|phone&#8221; custom_css_main_element_phone=&#8221;width: 50% !important;&#8221;][et_pb_blurb title=&#8221;Sweden&#8221; image=&#8221;https:\/\/carepath-ihi.eu\/wp-content\/uploads\/2025\/10\/Sweden-Flag.svg&#8221; alt=&#8221;A waving flag with a blue background and a yellow Nordic cross, representing the national flag of Sweden.&#8221; _builder_version=&#8221;4.27.4&#8243; _module_preset=&#8221;default&#8221; header_level=&#8221;h3&#8243; header_font=&#8221;|800|||||||&#8221; header_text_align=&#8221;center&#8221; header_font_size=&#8221;1.4em&#8221; header_line_height=&#8221;0em&#8221; body_font_size=&#8221;1.1em&#8221; body_line_height=&#8221;0em&#8221; image_icon_custom_margin=&#8221;||||false|false&#8221; image_icon_custom_padding=&#8221;||||false|false&#8221; custom_margin=&#8221;||||false|false&#8221; custom_padding=&#8221;||||false|false&#8221; locked=&#8221;off&#8221; global_colors_info=&#8221;{}&#8221;][\/et_pb_blurb][\/et_pb_column][et_pb_column type=&#8221;1_6&#8243; _builder_version=&#8221;4.27.4&#8243; _module_preset=&#8221;default&#8221; global_colors_info=&#8221;{}&#8221; custom_css_main_element_last_edited=&#8221;on|phone&#8221; custom_css_main_element_phone=&#8221;width: 50% !important;&#8221;][et_pb_blurb title=&#8221;Spain&#8221; image=&#8221;https:\/\/carepath-ihi.eu\/wp-content\/uploads\/2025\/07\/flag_spain.svg&#8221; alt=&#8221;Waving flag of Spain featuring three horizontal stripes in red and yellow with a national coat of arms on the left side of the yellow stripe.&#8221; _builder_version=&#8221;4.27.4&#8243; _module_preset=&#8221;default&#8221; header_level=&#8221;h3&#8243; header_font=&#8221;|800|||||||&#8221; header_text_align=&#8221;center&#8221; header_font_size=&#8221;1.4em&#8221; header_line_height=&#8221;0em&#8221; image_icon_custom_margin=&#8221;||0px||false|false&#8221; image_icon_custom_padding=&#8221;||0px||false|false&#8221; locked=&#8221;off&#8221; global_colors_info=&#8221;{}&#8221; body_font_size__hover_enabled=&#8221;on|desktop&#8221;][\/et_pb_blurb][\/et_pb_column][et_pb_column type=&#8221;1_6&#8243; _builder_version=&#8221;4.27.4&#8243; _module_preset=&#8221;default&#8221; global_colors_info=&#8221;{}&#8221; custom_css_main_element_phone=&#8221;width: 50% !important;&#8221; custom_css_main_element_last_edited=&#8221;on|phone&#8221;][et_pb_blurb title=&#8221;Poland&#8221; image=&#8221;https:\/\/carepath-ihi.eu\/wp-content\/uploads\/2025\/10\/Poland-Flag.svg&#8221; alt=&#8221;A simple illustration of the national flag of Poland, featuring two horizontal stripes with white on top and red on the bottom.&#8221; _builder_version=&#8221;4.27.4&#8243; _module_preset=&#8221;default&#8221; header_level=&#8221;h3&#8243; header_font=&#8221;|800|||||||&#8221; header_text_align=&#8221;center&#8221; header_font_size=&#8221;1.4em&#8221; header_line_height=&#8221;0em&#8221; body_font_size=&#8221;1.1em&#8221; body_line_height=&#8221;0em&#8221; image_icon_custom_margin=&#8221;||||false|false&#8221; image_icon_custom_padding=&#8221;||||false|false&#8221; custom_margin=&#8221;||||false|false&#8221; custom_padding=&#8221;||||false|false&#8221; locked=&#8221;off&#8221; global_colors_info=&#8221;{}&#8221;][\/et_pb_blurb][\/et_pb_column][et_pb_column type=&#8221;1_6&#8243; _builder_version=&#8221;4.27.4&#8243; _module_preset=&#8221;default&#8221; global_colors_info=&#8221;{}&#8221; custom_css_main_element_phone=&#8221;width: 50% !important;&#8221; custom_css_main_element_last_edited=&#8221;on|phone&#8221;][et_pb_blurb title=&#8221;Germany&#8221; image=&#8221;https:\/\/carepath-ihi.eu\/wp-content\/uploads\/2025\/07\/flag_german.png&#8221; alt=&#8221;The image shows a wavy German flag with three horizontal stripes in black, red, and gold from top to bottom.&#8221; _builder_version=&#8221;4.27.4&#8243; _module_preset=&#8221;default&#8221; header_level=&#8221;h3&#8243; header_font=&#8221;|800|||||||&#8221; header_text_align=&#8221;center&#8221; header_font_size=&#8221;1.4em&#8221; header_line_height=&#8221;0em&#8221; body_font_size=&#8221;1.1em&#8221; body_line_height=&#8221;0em&#8221; image_icon_custom_margin=&#8221;||||false|false&#8221; image_icon_custom_padding=&#8221;||||false|false&#8221; custom_margin=&#8221;||||false|false&#8221; custom_padding=&#8221;||||false|false&#8221; locked=&#8221;off&#8221; global_colors_info=&#8221;{}&#8221;][\/et_pb_blurb][\/et_pb_column][et_pb_column type=&#8221;1_6&#8243; _builder_version=&#8221;4.27.4&#8243; _module_preset=&#8221;default&#8221; global_colors_info=&#8221;{}&#8221; custom_css_main_element_phone=&#8221;width: 50% !important;&#8221; custom_css_main_element_last_edited=&#8221;on|phone&#8221;][et_pb_blurb title=&#8221;Israel&#8221; image=&#8221;https:\/\/carepath-ihi.eu\/wp-content\/uploads\/2025\/10\/Isreal-Flag-1.svg&#8221; alt=&#8221;A white flag with two horizontal blue stripes and a blue Star of David in the center, representing the national flag of Israel.&#8221; _builder_version=&#8221;4.27.4&#8243; _module_preset=&#8221;default&#8221; header_level=&#8221;h3&#8243; header_font=&#8221;|800|||||||&#8221; header_text_align=&#8221;center&#8221; header_font_size=&#8221;1.4em&#8221; header_line_height=&#8221;0em&#8221; body_font_size=&#8221;1.1em&#8221; body_line_height=&#8221;0em&#8221; image_icon_custom_margin=&#8221;||||false|false&#8221; image_icon_custom_padding=&#8221;||||false|false&#8221; custom_margin=&#8221;||||false|false&#8221; custom_padding=&#8221;||||false|false&#8221; locked=&#8221;off&#8221; global_colors_info=&#8221;{}&#8221;][\/et_pb_blurb][\/et_pb_column][et_pb_column type=&#8221;1_6&#8243; _builder_version=&#8221;4.27.4&#8243; _module_preset=&#8221;default&#8221; hover_enabled=&#8221;0&#8243; global_colors_info=&#8221;{}&#8221; custom_css_main_element_phone=&#8221;width: 50% !important;&#8221; custom_css_main_element_last_edited=&#8221;on|phone&#8221; sticky_enabled=&#8221;0&#8243;][et_pb_blurb title=&#8221;Netherlands&#8221; image=&#8221;https:\/\/carepath-ihi.eu\/wp-content\/uploads\/2025\/10\/Netherlands-Flag.svg&#8221; alt=&#8221;A wavy flag with three horizontal stripes: red on top, white in the middle, and blue on the bottom, resembling the national flag of the Netherlands.&#8221; _builder_version=&#8221;4.27.4&#8243; _module_preset=&#8221;default&#8221; header_level=&#8221;h3&#8243; header_font=&#8221;|800|||||||&#8221; header_text_align=&#8221;center&#8221; header_font_size=&#8221;1.4em&#8221; header_line_height=&#8221;0em&#8221; body_font_size=&#8221;1.1em&#8221; body_line_height=&#8221;0em&#8221; image_icon_custom_margin=&#8221;||||false|false&#8221; image_icon_custom_padding=&#8221;||||false|false&#8221; custom_margin=&#8221;||||false|false&#8221; custom_padding=&#8221;||||false|false&#8221; hover_enabled=&#8221;0&#8243; locked=&#8221;off&#8221; global_colors_info=&#8221;{}&#8221; sticky_enabled=&#8221;0&#8243;][\/et_pb_blurb][\/et_pb_column][\/et_pb_row][\/et_pb_section][et_pb_section fb_built=&#8221;1&#8243; module_class=&#8221;anchor-bottom-section&#8221; _builder_version=&#8221;4.27.4&#8243; _module_preset=&#8221;default&#8221; background_color=&#8221;#77233A&#8221; background_enable_image=&#8221;off&#8221; background_position=&#8221;top_center&#8221; custom_padding=&#8221;1em||1em||true|false&#8221; global_colors_info=&#8221;{}&#8221;][et_pb_row column_structure=&#8221;1_2,1_2&#8243; _builder_version=&#8221;4.27.4&#8243; _module_preset=&#8221;default&#8221; global_colors_info=&#8221;{}&#8221;][et_pb_column type=&#8221;1_2&#8243; _builder_version=&#8221;4.27.4&#8243; _module_preset=&#8221;default&#8221; global_colors_info=&#8221;{}&#8221;][et_pb_heading title=&#8221;Our Support&#8221; _builder_version=&#8221;4.27.4&#8243; _module_preset=&#8221;default&#8221; title_level=&#8221;h2&#8243; title_text_color=&#8221;#FFFFFF&#8221; title_font_size=&#8221;2.19em&#8221; title_line_height=&#8221;1.4em&#8221; global_colors_info=&#8221;{}&#8221;][\/et_pb_heading][\/et_pb_column][et_pb_column type=&#8221;1_2&#8243; _builder_version=&#8221;4.27.4&#8243; _module_preset=&#8221;default&#8221; global_colors_info=&#8221;{}&#8221;][et_pb_text _builder_version=&#8221;4.27.4&#8243; _module_preset=&#8221;default&#8221; text_text_color=&#8221;#FFFFFF&#8221; text_font_size=&#8221;1.2em&#8221; text_line_height=&#8221;1.4em&#8221; global_colors_info=&#8221;{}&#8221;]<\/p>\n<p>CarePath is funded by the Innovative Health Initiative (IHI) and supported through the Horizon Europe programme. It is a public-private partnership involving universities, healthcare providers, patient organisations, small and medium enterprises (SMEs), and industry partners.<\/p>\n<p>[\/et_pb_text][\/et_pb_column][\/et_pb_row][\/et_pb_section][et_pb_section fb_built=&#8221;1&#8243; _builder_version=&#8221;4.27.4&#8243; _module_preset=&#8221;default&#8221; background_image=&#8221;https:\/\/carepath-ihi.eu\/wp-content\/uploads\/2025\/07\/Banner-Slovakia-Friends.jpg&#8221; height=&#8221;400px&#8221; global_colors_info=&#8221;{}&#8221;][\/et_pb_section]<\/p>\n","protected":false},"excerpt":{"rendered":"<p>About usCarePath is a European research and innovation project created to support people living with long-term health conditions in managing their treatment effectively and comfortably. By offering personalised tools and resources, the project aims to improve health, wellbeing, and overall quality of life. Thanks to advances in healthcare, many chronic conditions can now be managed [&hellip;]<\/p>\n","protected":false},"author":1,"featured_media":0,"parent":0,"menu_order":0,"comment_status":"closed","ping_status":"closed","template":"","meta":{"_et_pb_use_builder":"on","_et_pb_old_content":"<!-- wp:divi\/placeholder \/-->","_et_gb_content_width":"","footnotes":""},"class_list":["post-90","page","type-page","status-publish","hentry"],"yoast_head":"<!-- This site is optimized with the Yoast SEO plugin v27.4 - https:\/\/yoast.com\/product\/yoast-seo-wordpress\/ -->\n<title>About CarePath - CarePath<\/title>\n<meta name=\"robots\" content=\"index, follow, max-snippet:-1, max-image-preview:large, max-video-preview:-1\" \/>\n<link rel=\"canonical\" href=\"http:\/\/carepath-ihi.eu\/sv\/about-carepath\/\" \/>\n<meta property=\"og:locale\" content=\"sv_SE\" \/>\n<meta property=\"og:type\" content=\"article\" \/>\n<meta property=\"og:title\" content=\"About CarePath - CarePath\" \/>\n<meta property=\"og:description\" content=\"About usCarePath is a European research and innovation project created to support people living with long-term health conditions in managing their treatment effectively and comfortably. By offering personalised tools and resources, the project aims to improve health, wellbeing, and overall quality of life. Thanks to advances in healthcare, many chronic conditions can now be managed [&hellip;]\" \/>\n<meta property=\"og:url\" content=\"http:\/\/carepath-ihi.eu\/sv\/about-carepath\/\" \/>\n<meta property=\"og:site_name\" content=\"CarePath\" \/>\n<meta property=\"article:modified_time\" content=\"2025-11-06T18:56:28+00:00\" \/>\n<meta name=\"twitter:card\" content=\"summary_large_image\" \/>\n<script type=\"application\/ld+json\" class=\"yoast-schema-graph\">{\"@context\":\"https:\\\/\\\/schema.org\",\"@graph\":[{\"@type\":\"WebPage\",\"@id\":\"http:\\\/\\\/carepath-ihi.eu\\\/about-carepath\\\/\",\"url\":\"http:\\\/\\\/carepath-ihi.eu\\\/about-carepath\\\/\",\"name\":\"About CarePath - CarePath\",\"isPartOf\":{\"@id\":\"http:\\\/\\\/carepath-ihi.eu\\\/#website\"},\"datePublished\":\"2025-07-15T11:56:29+00:00\",\"dateModified\":\"2025-11-06T18:56:28+00:00\",\"breadcrumb\":{\"@id\":\"http:\\\/\\\/carepath-ihi.eu\\\/about-carepath\\\/#breadcrumb\"},\"inLanguage\":\"sv-SE\",\"potentialAction\":[{\"@type\":\"ReadAction\",\"target\":[\"http:\\\/\\\/carepath-ihi.eu\\\/about-carepath\\\/\"]}]},{\"@type\":\"BreadcrumbList\",\"@id\":\"http:\\\/\\\/carepath-ihi.eu\\\/about-carepath\\\/#breadcrumb\",\"itemListElement\":[{\"@type\":\"ListItem\",\"position\":1,\"name\":\"Home\",\"item\":\"http:\\\/\\\/carepath-ihi.eu\\\/\"},{\"@type\":\"ListItem\",\"position\":2,\"name\":\"About CarePath\"}]},{\"@type\":\"WebSite\",\"@id\":\"http:\\\/\\\/carepath-ihi.eu\\\/#website\",\"url\":\"http:\\\/\\\/carepath-ihi.eu\\\/\",\"name\":\"CarePath\",\"description\":\"Empowering integrated care for Europe\u2019s most vulnerable\",\"potentialAction\":[{\"@type\":\"SearchAction\",\"target\":{\"@type\":\"EntryPoint\",\"urlTemplate\":\"http:\\\/\\\/carepath-ihi.eu\\\/?s={search_term_string}\"},\"query-input\":{\"@type\":\"PropertyValueSpecification\",\"valueRequired\":true,\"valueName\":\"search_term_string\"}}],\"inLanguage\":\"sv-SE\"}]}<\/script>\n<!-- \/ Yoast SEO plugin. -->","yoast_head_json":{"title":"About CarePath - CarePath","robots":{"index":"index","follow":"follow","max-snippet":"max-snippet:-1","max-image-preview":"max-image-preview:large","max-video-preview":"max-video-preview:-1"},"canonical":"http:\/\/carepath-ihi.eu\/sv\/about-carepath\/","og_locale":"sv_SE","og_type":"article","og_title":"About CarePath - CarePath","og_description":"About usCarePath is a European research and innovation project created to support people living with long-term health conditions in managing their treatment effectively and comfortably. By offering personalised tools and resources, the project aims to improve health, wellbeing, and overall quality of life. Thanks to advances in healthcare, many chronic conditions can now be managed [&hellip;]","og_url":"http:\/\/carepath-ihi.eu\/sv\/about-carepath\/","og_site_name":"CarePath","article_modified_time":"2025-11-06T18:56:28+00:00","twitter_card":"summary_large_image","schema":{"@context":"https:\/\/schema.org","@graph":[{"@type":"WebPage","@id":"http:\/\/carepath-ihi.eu\/about-carepath\/","url":"http:\/\/carepath-ihi.eu\/about-carepath\/","name":"About CarePath - CarePath","isPartOf":{"@id":"http:\/\/carepath-ihi.eu\/#website"},"datePublished":"2025-07-15T11:56:29+00:00","dateModified":"2025-11-06T18:56:28+00:00","breadcrumb":{"@id":"http:\/\/carepath-ihi.eu\/about-carepath\/#breadcrumb"},"inLanguage":"sv-SE","potentialAction":[{"@type":"ReadAction","target":["http:\/\/carepath-ihi.eu\/about-carepath\/"]}]},{"@type":"BreadcrumbList","@id":"http:\/\/carepath-ihi.eu\/about-carepath\/#breadcrumb","itemListElement":[{"@type":"ListItem","position":1,"name":"Home","item":"http:\/\/carepath-ihi.eu\/"},{"@type":"ListItem","position":2,"name":"About CarePath"}]},{"@type":"WebSite","@id":"http:\/\/carepath-ihi.eu\/#website","url":"http:\/\/carepath-ihi.eu\/","name":"CarePath","description":"St\u00e4rka integrerad v\u00e5rd f\u00f6r Europas mest utsatta","potentialAction":[{"@type":"SearchAction","target":{"@type":"EntryPoint","urlTemplate":"http:\/\/carepath-ihi.eu\/?s={search_term_string}"},"query-input":{"@type":"PropertyValueSpecification","valueRequired":true,"valueName":"search_term_string"}}],"inLanguage":"sv-SE"}]}},"_links":{"self":[{"href":"https:\/\/carepath-ihi.eu\/sv\/wp-json\/wp\/v2\/pages\/90","targetHints":{"allow":["GET"]}}],"collection":[{"href":"https:\/\/carepath-ihi.eu\/sv\/wp-json\/wp\/v2\/pages"}],"about":[{"href":"https:\/\/carepath-ihi.eu\/sv\/wp-json\/wp\/v2\/types\/page"}],"author":[{"embeddable":true,"href":"https:\/\/carepath-ihi.eu\/sv\/wp-json\/wp\/v2\/users\/1"}],"replies":[{"embeddable":true,"href":"https:\/\/carepath-ihi.eu\/sv\/wp-json\/wp\/v2\/comments?post=90"}],"version-history":[{"count":34,"href":"https:\/\/carepath-ihi.eu\/sv\/wp-json\/wp\/v2\/pages\/90\/revisions"}],"predecessor-version":[{"id":915,"href":"https:\/\/carepath-ihi.eu\/sv\/wp-json\/wp\/v2\/pages\/90\/revisions\/915"}],"wp:attachment":[{"href":"https:\/\/carepath-ihi.eu\/sv\/wp-json\/wp\/v2\/media?parent=90"}],"curies":[{"name":"wp","href":"https:\/\/api.w.org\/{rel}","templated":true}]}}